{"id":123,"date":"2022-09-22T14:11:37","date_gmt":"2022-09-22T12:11:37","guid":{"rendered":"https:\/\/clip-brest.fr\/?page_id=123"},"modified":"2024-04-30T19:28:00","modified_gmt":"2024-04-30T17:28:00","slug":"toile-en-live","status":"publish","type":"page","link":"https:\/\/clip-brest.fr\/index.php\/blog\/evenements-clip\/toile-en-live\/","title":{"rendered":"Toile en Live"},"content":{"rendered":"\n<div class=\"wp-block-columns is-layout-flex wp-container-core-columns-is-layout-9d6595d7 wp-block-columns-is-layout-flex\">\n<div class=\"wp-block-column is-layout-flow wp-block-column-is-layout-flow\">\n<figure class=\"wp-block-gallery has-nested-images columns-default is-cropped wp-block-gallery-1 is-layout-flex wp-block-gallery-is-layout-flex\">\n<figure class=\"wp-block-image size-large\"><img loading=\"lazy\" decoding=\"async\" width=\"745\" height=\"1024\" data-id=\"343\" src=\"https:\/\/clip-brest.fr\/wp-content\/uploads\/2023\/09\/ToileEnLive_A3-745x1024.jpg\" alt=\"\" class=\"wp-image-343\" srcset=\"https:\/\/clip-brest.fr\/wp-content\/uploads\/2023\/09\/ToileEnLive_A3-745x1024.jpg 745w, https:\/\/clip-brest.fr\/wp-content\/uploads\/2023\/09\/ToileEnLive_A3-218x300.jpg 218w, https:\/\/clip-brest.fr\/wp-content\/uploads\/2023\/09\/ToileEnLive_A3-768x1056.jpg 768w, https:\/\/clip-brest.fr\/wp-content\/uploads\/2023\/09\/ToileEnLive_A3-1117x1536.jpg 1117w, https:\/\/clip-brest.fr\/wp-content\/uploads\/2023\/09\/ToileEnLive_A3-1490x2048.jpg 1490w, https:\/\/clip-brest.fr\/wp-content\/uploads\/2023\/09\/ToileEnLive_A3-scaled.jpg 1862w\" sizes=\"auto, (max-width: 745px) 100vw, 745px\" \/><\/figure>\n<\/figure>\n<\/div>\n\n\n\n<div class=\"wp-block-column is-layout-flow wp-block-column-is-layout-flow\">\n<p><\/p>\n\n\n\n<p class=\"has-text-align-center\"><strong>Toile en Live<\/strong>, c&rsquo;est une soir\u00e9e enti\u00e8rement organis\u00e9e par CLIP, o\u00f9 nos membres vous proposent courts-m\u00e9trages, exposition photo et concerts. Un but simple : promouvoir CLIP et le travail des \u00e9tudiant.es du Master Image &amp; Son Brest. <\/p>\n\n\n\n<p><\/p>\n\n\n\n<p class=\"has-text-align-center\">Vous pourrez y voir des courts-m\u00e9trages pour lesquels ont travaill\u00e9 des membres (ou nos anciens membres !) de l&rsquo;association, parfois provenant de projets r\u00e9alis\u00e9s dans le cadre \u00e9ducatif, ou de projets personnels. Nous proposons \u00e9galement une exposition photo, avec un th\u00e8me d\u00e9fini, ainsi qu&rsquo;une s\u00e9rie de concerts. Les artistes musicaux gravitent \u00e9galement autour de CLIP (ou en font directement parti), alors pas d&rsquo;inqui\u00e9tude, on g\u00e8re le show, vous n&rsquo;avez qu&rsquo;\u00e0 appr\u00e9cier !<\/p>\n<\/div>\n\n\n\n<div class=\"wp-block-column is-layout-flow wp-block-column-is-layout-flow\">\n<figure class=\"wp-block-gallery has-nested-images columns-default is-cropped wp-block-gallery-2 is-layout-flex wp-block-gallery-is-layout-flex\">\n<figure class=\"wp-block-image size-large\"><img loading=\"lazy\" decoding=\"async\" width=\"724\" height=\"1024\" data-id=\"344\" src=\"https:\/\/clip-brest.fr\/wp-content\/uploads\/2023\/09\/AFFICHE-TOILE-EN-LIVE-LOGOS-724x1024.png\" alt=\"\" class=\"wp-image-344\" srcset=\"https:\/\/clip-brest.fr\/wp-content\/uploads\/2023\/09\/AFFICHE-TOILE-EN-LIVE-LOGOS-724x1024.png 724w, https:\/\/clip-brest.fr\/wp-content\/uploads\/2023\/09\/AFFICHE-TOILE-EN-LIVE-LOGOS-212x300.png 212w, https:\/\/clip-brest.fr\/wp-content\/uploads\/2023\/09\/AFFICHE-TOILE-EN-LIVE-LOGOS-768x1086.png 768w, https:\/\/clip-brest.fr\/wp-content\/uploads\/2023\/09\/AFFICHE-TOILE-EN-LIVE-LOGOS-1086x1536.png 1086w, https:\/\/clip-brest.fr\/wp-content\/uploads\/2023\/09\/AFFICHE-TOILE-EN-LIVE-LOGOS-1448x2048.png 1448w\" sizes=\"auto, (max-width: 724px) 100vw, 724px\" \/><\/figure>\n<\/figure>\n<\/div>\n<\/div>\n\n\n\n<h1 class=\"wp-block-heading has-text-align-center\">S\u00e9ance de projections<\/h1>\n\n\n\n<p class=\"has-text-align-center\">Chaque ann\u00e9e, nous vous proposons une s\u00e9ance de projections de courts films, courts-m\u00e9trages, ou vid\u00e9os. Certain.es de nos \u00e9tudiant.es ont pu travailler sur ces \u0153uvres, ou les ont directement r\u00e9alis\u00e9es. A travers cette projection, nous vous offrons la possibilit\u00e9 de d\u00e9couvrir notre travail, nos propositions, et notre cr\u00e9ativit\u00e9 !<\/p>\n\n\n\n<p class=\"has-text-align-center\"><\/p>\n\n\n\n<p class=\"has-text-align-left\"><\/p>\n\n\n\n<p><\/p>\n\n\n\n<p><\/p>\n\n\n\n<p><\/p>\n\n\n\n<h1 class=\"wp-block-heading has-text-align-center\">Exposition Photo<\/h1>\n\n\n\n<p><\/p>\n\n\n\n<p class=\"has-text-align-center\">Cet \u00e9v\u00e8nement est aussi l&rsquo;occasion de d\u00e9couvrir le travail photographique des \u00e9tudiant.es !  Une exposition photo est accessible toute la soir\u00e9e, vous pouvez venir observer l&rsquo;interpr\u00e9tation du th\u00e8me choisi, par l\u2019\u0153il cr\u00e9atif des membres de CLIP !<\/p>\n\n\n\n<p class=\"has-text-align-center\">Un exemple de quelques photos expos\u00e9es lors des \u00e9ditions pr\u00e9c\u00e9dentes :<\/p>\n\n\n\n<figure class=\"wp-block-gallery has-nested-images columns-3 is-cropped wp-block-gallery-3 is-layout-flex wp-block-gallery-is-layout-flex\">\n<figure class=\"wp-block-image size-large\"><img loading=\"lazy\" decoding=\"async\" width=\"1024\" height=\"769\" data-id=\"352\" src=\"https:\/\/clip-brest.fr\/wp-content\/uploads\/2023\/09\/Smoking-Corner-TheoDeLoor-1024x769.png\" alt=\"\" class=\"wp-image-352\" srcset=\"https:\/\/clip-brest.fr\/wp-content\/uploads\/2023\/09\/Smoking-Corner-TheoDeLoor-1024x769.png 1024w, https:\/\/clip-brest.fr\/wp-content\/uploads\/2023\/09\/Smoking-Corner-TheoDeLoor-300x225.png 300w, https:\/\/clip-brest.fr\/wp-content\/uploads\/2023\/09\/Smoking-Corner-TheoDeLoor-768x577.png 768w, https:\/\/clip-brest.fr\/wp-content\/uploads\/2023\/09\/Smoking-Corner-TheoDeLoor-1536x1153.png 1536w, https:\/\/clip-brest.fr\/wp-content\/uploads\/2023\/09\/Smoking-Corner-TheoDeLoor-2048x1538.png 2048w, https:\/\/clip-brest.fr\/wp-content\/uploads\/2023\/09\/Smoking-Corner-TheoDeLoor-400x300.png 400w\" sizes=\"auto, (max-width: 1024px) 100vw, 1024px\" \/><\/figure>\n\n\n\n<figure class=\"wp-block-image size-large\"><img loading=\"lazy\" decoding=\"async\" width=\"1024\" height=\"576\" data-id=\"346\" src=\"https:\/\/clip-brest.fr\/wp-content\/uploads\/2023\/09\/Ricochets-BaptisteMartinDeFremont-1024x576.jpg\" alt=\"\" class=\"wp-image-346\" srcset=\"https:\/\/clip-brest.fr\/wp-content\/uploads\/2023\/09\/Ricochets-BaptisteMartinDeFremont-1024x576.jpg 1024w, https:\/\/clip-brest.fr\/wp-content\/uploads\/2023\/09\/Ricochets-BaptisteMartinDeFremont-300x169.jpg 300w, https:\/\/clip-brest.fr\/wp-content\/uploads\/2023\/09\/Ricochets-BaptisteMartinDeFremont-768x432.jpg 768w, https:\/\/clip-brest.fr\/wp-content\/uploads\/2023\/09\/Ricochets-BaptisteMartinDeFremont-1536x864.jpg 1536w, https:\/\/clip-brest.fr\/wp-content\/uploads\/2023\/09\/Ricochets-BaptisteMartinDeFremont-2048x1152.jpg 2048w, https:\/\/clip-brest.fr\/wp-content\/uploads\/2023\/09\/Ricochets-BaptisteMartinDeFremont-496x279.jpg 496w\" sizes=\"auto, (max-width: 1024px) 100vw, 1024px\" \/><\/figure>\n\n\n\n<figure class=\"wp-block-image size-large\"><img loading=\"lazy\" decoding=\"async\" width=\"1024\" height=\"575\" data-id=\"351\" src=\"https:\/\/clip-brest.fr\/wp-content\/uploads\/2023\/09\/ANTOINEA2-1024x575.png\" alt=\"\" class=\"wp-image-351\" srcset=\"https:\/\/clip-brest.fr\/wp-content\/uploads\/2023\/09\/ANTOINEA2-1024x575.png 1024w, https:\/\/clip-brest.fr\/wp-content\/uploads\/2023\/09\/ANTOINEA2-300x168.png 300w, https:\/\/clip-brest.fr\/wp-content\/uploads\/2023\/09\/ANTOINEA2-768x431.png 768w\" sizes=\"auto, (max-width: 1024px) 100vw, 1024px\" \/><\/figure>\n\n\n\n<figure class=\"wp-block-image size-large\"><img loading=\"lazy\" decoding=\"async\" width=\"1024\" height=\"683\" data-id=\"355\" src=\"https:\/\/clip-brest.fr\/wp-content\/uploads\/2023\/09\/Copie-de-IMG_0879-2-1024x683.jpg\" alt=\"\" class=\"wp-image-355\" srcset=\"https:\/\/clip-brest.fr\/wp-content\/uploads\/2023\/09\/Copie-de-IMG_0879-2-1024x683.jpg 1024w, https:\/\/clip-brest.fr\/wp-content\/uploads\/2023\/09\/Copie-de-IMG_0879-2-300x200.jpg 300w, https:\/\/clip-brest.fr\/wp-content\/uploads\/2023\/09\/Copie-de-IMG_0879-2-768x512.jpg 768w, https:\/\/clip-brest.fr\/wp-content\/uploads\/2023\/09\/Copie-de-IMG_0879-2-1536x1024.jpg 1536w, https:\/\/clip-brest.fr\/wp-content\/uploads\/2023\/09\/Copie-de-IMG_0879-2-2048x1365.jpg 2048w, https:\/\/clip-brest.fr\/wp-content\/uploads\/2023\/09\/Copie-de-IMG_0879-2-450x300.jpg 450w\" sizes=\"auto, (max-width: 1024px) 100vw, 1024px\" \/><\/figure>\n\n\n\n<figure class=\"wp-block-image size-large\"><img loading=\"lazy\" decoding=\"async\" width=\"1024\" height=\"768\" data-id=\"350\" src=\"https:\/\/clip-brest.fr\/wp-content\/uploads\/2023\/09\/FLORE1-1024x768.jpg\" alt=\"\" class=\"wp-image-350\" srcset=\"https:\/\/clip-brest.fr\/wp-content\/uploads\/2023\/09\/FLORE1-1024x768.jpg 1024w, https:\/\/clip-brest.fr\/wp-content\/uploads\/2023\/09\/FLORE1-300x225.jpg 300w, https:\/\/clip-brest.fr\/wp-content\/uploads\/2023\/09\/FLORE1-768x576.jpg 768w, https:\/\/clip-brest.fr\/wp-content\/uploads\/2023\/09\/FLORE1-1536x1152.jpg 1536w, https:\/\/clip-brest.fr\/wp-content\/uploads\/2023\/09\/FLORE1-2048x1536.jpg 2048w, https:\/\/clip-brest.fr\/wp-content\/uploads\/2023\/09\/FLORE1-400x300.jpg 400w\" sizes=\"auto, (max-width: 1024px) 100vw, 1024px\" \/><\/figure>\n\n\n\n<figure class=\"wp-block-image size-large\"><img loading=\"lazy\" decoding=\"async\" width=\"1024\" height=\"679\" data-id=\"349\" src=\"https:\/\/clip-brest.fr\/wp-content\/uploads\/2023\/09\/TIM2-1024x679.jpg\" alt=\"\" class=\"wp-image-349\" srcset=\"https:\/\/clip-brest.fr\/wp-content\/uploads\/2023\/09\/TIM2-1024x679.jpg 1024w, https:\/\/clip-brest.fr\/wp-content\/uploads\/2023\/09\/TIM2-300x199.jpg 300w, https:\/\/clip-brest.fr\/wp-content\/uploads\/2023\/09\/TIM2-768x509.jpg 768w, https:\/\/clip-brest.fr\/wp-content\/uploads\/2023\/09\/TIM2-1536x1019.jpg 1536w, https:\/\/clip-brest.fr\/wp-content\/uploads\/2023\/09\/TIM2-2048x1359.jpg 2048w, https:\/\/clip-brest.fr\/wp-content\/uploads\/2023\/09\/TIM2-452x300.jpg 452w\" sizes=\"auto, (max-width: 1024px) 100vw, 1024px\" \/><\/figure>\n<\/figure>\n\n\n\n<h1 class=\"wp-block-heading has-text-align-center\">Les concerts<\/h1>\n\n\n\n<p><\/p>\n\n\n\n<p class=\"has-text-align-center\">La soir\u00e9e se termine chaque ann\u00e9e sur une s\u00e9rie de concerts, souvent aux genres musicaux vari\u00e9s. Voici une pr\u00e9sentation des diff\u00e9rent.es artistes qui nous ont fait l&rsquo;honneur de se produire \u00e0 l&rsquo;espace L\u00e9o Ferr\u00e9 pour un \u00e9vennement Toile en Live :<\/p>\n\n\n\n<h3 class=\"wp-block-heading\">Among Blue<\/h3>\n\n\n\n<div class=\"wp-block-media-text alignwide is-stacked-on-mobile\" style=\"grid-template-columns:37% auto\"><figure class=\"wp-block-media-text__media\"><img loading=\"lazy\" decoding=\"async\" width=\"500\" height=\"500\" src=\"https:\/\/clip-brest.fr\/wp-content\/uploads\/2022\/09\/AMONG-BLUE.png\" alt=\"\" class=\"wp-image-143 size-full\" srcset=\"https:\/\/clip-brest.fr\/wp-content\/uploads\/2022\/09\/AMONG-BLUE.png 500w, https:\/\/clip-brest.fr\/wp-content\/uploads\/2022\/09\/AMONG-BLUE-300x300.png 300w, https:\/\/clip-brest.fr\/wp-content\/uploads\/2022\/09\/AMONG-BLUE-150x150.png 150w\" sizes=\"auto, (max-width: 500px) 100vw, 500px\" \/><\/figure><div class=\"wp-block-media-text__content\">\n<p>Among Blue s\u2019inspire du mouvement psych\u00e9d\u00e9lique des ann\u00e9es 60. Les 4 comp\u00e8res vous feront voguer \u00e0 travers des boucles hypnotiques aux couleurs pop rock. Un groupe parfait pour d\u00e9marrer la soir\u00e9e de concerts !<\/p>\n\n\n\n<p><a href=\"https:\/\/www.instagram.com\/amongblue_band\/\">Suivez Among Blue sur Instagram !<\/a><\/p>\n<\/div><\/div>\n\n\n\n<h3 class=\"wp-block-heading\">Paulette<\/h3>\n\n\n\n<div class=\"wp-block-media-text alignwide has-media-on-the-right is-stacked-on-mobile\"><div class=\"wp-block-media-text__content\">\n<p>\u00ab\u00a0\u00c9l\u00e9gante, envo\u00fbtante, \u00e9lanc\u00e9e\u00a0\u00bb dit-on de l&rsquo;\u00e9g\u00e9rie Paulette. Par\u00e9e d&rsquo;or et de bleu, elle est sublim\u00e9e par le trio de pop parpaing PAULETTE, qui viendront se produire pour notre plus grand plaisir sur la sc\u00e8ne de l\u2019espace L\u00e9o Ferr\u00e9 !<\/p>\n\n\n\n<p class=\"has-text-align-center\"><a href=\"https:\/\/www.youtube.com\/watch?app=desktop&amp;v=Y4-4DpoGJBE\" data-type=\"URL\" data-id=\"https:\/\/www.youtube.com\/watch?app=desktop&amp;v=Y4-4DpoGJBE\">Lien vers une prestation live de \u00ab\u00a0Paulette\u00a0\u00bb<\/a><\/p>\n\n\n\n<p class=\"has-text-align-center\"><a href=\"https:\/\/www.instagram.com\/pauletteofficielle\/\" data-type=\"URL\" data-id=\"https:\/\/www.instagram.com\/pauletteofficielle\/\">Suivez Paulette sur Instagram !<\/a><\/p>\n<\/div><figure class=\"wp-block-media-text__media\"><img loading=\"lazy\" decoding=\"async\" width=\"1024\" height=\"838\" src=\"https:\/\/clip-brest.fr\/wp-content\/uploads\/2022\/09\/Paulette_Photo-1024x838.jpg\" alt=\"\" class=\"wp-image-149 size-full\" srcset=\"https:\/\/clip-brest.fr\/wp-content\/uploads\/2022\/09\/Paulette_Photo-1024x838.jpg 1024w, https:\/\/clip-brest.fr\/wp-content\/uploads\/2022\/09\/Paulette_Photo-300x245.jpg 300w, https:\/\/clip-brest.fr\/wp-content\/uploads\/2022\/09\/Paulette_Photo-768x628.jpg 768w, https:\/\/clip-brest.fr\/wp-content\/uploads\/2022\/09\/Paulette_Photo-367x300.jpg 367w, https:\/\/clip-brest.fr\/wp-content\/uploads\/2022\/09\/Paulette_Photo.jpg 1430w\" sizes=\"auto, (max-width: 1024px) 100vw, 1024px\" \/><\/figure><\/div>\n\n\n\n<p><\/p>\n\n\n\n<div class=\"wp-block-group is-vertical is-layout-flex wp-container-core-group-is-layout-8cf370e7 wp-block-group-is-layout-flex\">\n<h3 class=\"wp-block-heading\">Toallita<\/h3>\n\n\n\n<p><\/p>\n\n\n\n<div class=\"wp-block-media-text alignwide is-stacked-on-mobile\" style=\"grid-template-columns:26% auto\"><figure class=\"wp-block-media-text__media\"><img loading=\"lazy\" decoding=\"async\" width=\"537\" height=\"556\" src=\"https:\/\/clip-brest.fr\/wp-content\/uploads\/2022\/09\/Toallita-Photo-2.jpg\" alt=\"\" class=\"wp-image-158 size-full\" srcset=\"https:\/\/clip-brest.fr\/wp-content\/uploads\/2022\/09\/Toallita-Photo-2.jpg 537w, https:\/\/clip-brest.fr\/wp-content\/uploads\/2022\/09\/Toallita-Photo-2-290x300.jpg 290w\" sizes=\"auto, (max-width: 537px) 100vw, 537px\" \/><\/figure><div class=\"wp-block-media-text__content\">\n<p>Toallita nous vient directement du chaudron Brestois ! Apr\u00e8s avoir peaufin\u00e9 la recette de sa potion durant de longs mois, elle s&rsquo;est d\u00e9voil\u00e9e au public \u00e0 travers son premier single \u00ab\u00a0Jamais\u00a0\u00bb. Un titre piquant, au texte \u00e9mancipateur et aux sonorit\u00e9s 2 step. Son deuxi\u00e8me son \u00ab\u00a0Killi\u00a0\u00bb a transform\u00e9 l&rsquo;essai et la rappeuse se concentre aujourd&rsquo;hui sur la r\u00e9alisation de son premier EP, dont elle d\u00e9voilera quelques extraits pour nous le vendredi 7 Octobre !<\/p>\n\n\n\n<p class=\"has-text-align-center\"><a href=\"https:\/\/www.youtube.com\/watch?v=UH29_q7mqjE\">Lien vers son deuxi\u00e8me morceau \u00ab\u00a0Killi\u00a0\u00bb<\/a><\/p>\n\n\n\n<p class=\"has-text-align-center\"><a href=\"https:\/\/www.instagram.com\/toallita_monk\/\" data-type=\"URL\" data-id=\"https:\/\/www.instagram.com\/toallita_monk\/\">Suivez Toallita sur Instagram !<\/a><\/p>\n<\/div><\/div>\n\n\n\n<p><\/p>\n<\/div>\n\n\n\n<h3 class=\"wp-block-heading\">J and her boring boys<\/h3>\n\n\n\n<div class=\"wp-block-media-text alignwide has-media-on-the-right is-stacked-on-mobile\"><div class=\"wp-block-media-text__content\">\n<p><em>J and her boring boys<\/em> est un jeune groupe Brestois \u00e9mergent. Compos\u00e9 de deux DJ pro, deux trombonistes pro et d&rsquo;un envoyeur de mix pro, ce groupe vous proposera une sc\u00e9nographie compl\u00e8tement d\u00e9jant\u00e9e, \u00e0 l&rsquo;image de leur musique \u00e9clectique, compl\u00e8te et r\u00e9confortante. Leurs inspirations se situent entre <em>Martin Garrix<\/em> et <em>Casual Gabberz<\/em>, en passant par <em>Eiffel 65<\/em>. C&rsquo;est une autre mani\u00e8re de vivre que vous propose <em>J and her boring boys<\/em>, en interaction perp\u00e9tuelle avec leur public.<\/p>\n\n\n\n<p><em>Extrait de la palette musicale du groupe<\/em><\/p>\n\n\n\n<figure class=\"wp-block-audio\"><audio controls src=\"https:\/\/clip-brest.fr\/wp-content\/uploads\/2022\/09\/demo-1.mp3\"><\/audio><\/figure>\n<\/div><figure class=\"wp-block-media-text__media\"><img loading=\"lazy\" decoding=\"async\" width=\"1024\" height=\"809\" src=\"https:\/\/clip-brest.fr\/wp-content\/uploads\/2022\/09\/J_Photo-1024x809.jpg\" alt=\"\" class=\"wp-image-150 size-full\" srcset=\"https:\/\/clip-brest.fr\/wp-content\/uploads\/2022\/09\/J_Photo-1024x809.jpg 1024w, https:\/\/clip-brest.fr\/wp-content\/uploads\/2022\/09\/J_Photo-300x237.jpg 300w, https:\/\/clip-brest.fr\/wp-content\/uploads\/2022\/09\/J_Photo-768x607.jpg 768w, https:\/\/clip-brest.fr\/wp-content\/uploads\/2022\/09\/J_Photo-380x300.jpg 380w, https:\/\/clip-brest.fr\/wp-content\/uploads\/2022\/09\/J_Photo.jpg 1080w\" sizes=\"auto, (max-width: 1024px) 100vw, 1024px\" \/><\/figure><\/div>\n\n\n\n<p><\/p>\n\n\n\n<h1 class=\"wp-block-heading has-text-align-center\">Tarifs et programme<\/h1>\n\n\n\n<p class=\"has-text-align-center\">La prochaine \u00e9dition de Toile en Live n&rsquo;est pas encore programm\u00e9e.<\/p>\n\n\n\n<p><\/p>\n\n\n\n<p class=\"has-text-align-center\"><strong>MERCI<\/strong><\/p>\n\n\n\n<p><\/p>\n\n\n\n<p class=\"has-text-align-right\">Association CLIP<\/p>\n\n\n\n<p class=\"has-text-align-left\"><\/p>\n\n\n\n<p><\/p>\n\n\n\n<p class=\"has-text-align-center\"><\/p>\n\n\n\n<p><\/p>\n","protected":false},"excerpt":{"rendered":"<p>Toile en Live, c&rsquo;est une soir\u00e9e enti\u00e8rement organis\u00e9e par CLIP, o\u00f9 nos membres vous proposent courts-m\u00e9trages, exposition photo et concerts. Un but simple : promouvoir &hellip;<\/p>\n","protected":false},"author":1,"featured_media":192,"parent":202,"menu_order":1,"comment_status":"closed","ping_status":"closed","template":"","meta":{"footnotes":""},"class_list":["post-123","page","type-page","status-publish","has-post-thumbnail","hentry"],"_links":{"self":[{"href":"https:\/\/clip-brest.fr\/index.php\/wp-json\/wp\/v2\/pages\/123","targetHints":{"allow":["GET"]}}],"collection":[{"href":"https:\/\/clip-brest.fr\/index.php\/wp-json\/wp\/v2\/pages"}],"about":[{"href":"https:\/\/clip-brest.fr\/index.php\/wp-json\/wp\/v2\/types\/page"}],"author":[{"embeddable":true,"href":"https:\/\/clip-brest.fr\/index.php\/wp-json\/wp\/v2\/users\/1"}],"replies":[{"embeddable":true,"href":"https:\/\/clip-brest.fr\/index.php\/wp-json\/wp\/v2\/comments?post=123"}],"version-history":[{"count":43,"href":"https:\/\/clip-brest.fr\/index.php\/wp-json\/wp\/v2\/pages\/123\/revisions"}],"predecessor-version":[{"id":466,"href":"https:\/\/clip-brest.fr\/index.php\/wp-json\/wp\/v2\/pages\/123\/revisions\/466"}],"up":[{"embeddable":true,"href":"https:\/\/clip-brest.fr\/index.php\/wp-json\/wp\/v2\/pages\/202"}],"wp:featuredmedia":[{"embeddable":true,"href":"https:\/\/clip-brest.fr\/index.php\/wp-json\/wp\/v2\/media\/192"}],"wp:attachment":[{"href":"https:\/\/clip-brest.fr\/index.php\/wp-json\/wp\/v2\/media?parent=123"}],"curies":[{"name":"wp","href":"https:\/\/api.w.org\/{rel}","templated":true}]}}